{"id":40,"date":"2024-10-14T07:01:35","date_gmt":"2024-10-14T06:01:35","guid":{"rendered":"https:\/\/mustangs.hu\/football\/home-2\/"},"modified":"2025-02-25T12:32:53","modified_gmt":"2025-02-25T11:32:53","slug":"mustangs","status":"publish","type":"page","link":"https:\/\/mustangs.hu\/football\/","title":{"rendered":"Mustangs"},"content":{"rendered":"\n\n\n\n\n<h1><span style=\"color:#000000;\">A Mustangs<\/span><\/h1>\n\n\n\n<span style=\"font-size:medium;\"><p><sub style=\"font-size: large;\">Csapatunk tagj\u00e1v\u00e1 v\u00e1lni annyit jelent, hogy egy \u00f6sszetart\u00f3, bar\u00e1ti hangulat\u00fa t\u00e1rsas\u00e1gba ker\u00fclsz. C\u00e9lunk ennek a k\u00f6z\u00f6ss\u00e9gnek a fenntart\u00e1sa, a j\u00e1t\u00e9k ir\u00e1nt \u00e9rzett szenved\u00e9ly\u00fcnk ki\u00e9l\u00e9se, a versenyk\u00e9pess\u00e9g\u00fcnk fenntart\u00e1sa, a sport\u00e1g elterjeszt\u00e9se \u00e9s megszerettet\u00e9se. 2006-os alap\u00edt\u00e1sunk \u00f3ta folyamatosan jelen vagyunk a magyar amerikai foci vil\u00e1g\u00e1ban.&nbsp;<br><\/sub><\/p><\/span>\n\n\n<span style=\"font-size:medium;\"><p><sub style=\"font-size: large;\">Magyarorsz\u00e1gon jelenleg 3 szint\u0171 bajnoks\u00e1gban folynak a k\u00fczdelmek, HFL, Div\u00edzi\u00f3 I, Div\u00edzi\u00f3 II. A Mustangs a m\u00e1sodik lig\u00e1j\u00e1ban, teh\u00e1t a Div\u00edzi\u00f3 I-ben indul.<br><\/sub><\/p><\/span>\n\n\n<span style=\"font-size:medium;\"><p><sub style=\"font-size: large;\">2019-ben \u00e9s 2021-ben Div\u00edzi\u00f3 II ez\u00fcst\u00e9rmet szerezt\u00fcnk, 2024-ben pedig el\u0151d\u00f6nt\u0151t j\u00e1tszottunk a Div\u00edzi\u00f3 I-ben. Id\u00e9n \u00fajra nekifutunk, kem\u00e9nyen k\u00fczd\u00fcnk \u00e9s dolgozunk, hogy siker\u00fcljenek a c\u00e9ljaink, vagyik bejutni a Div\u00edzi\u00f3 I d\u00f6nt\u0151j\u00e9be.<\/sub><\/p><\/span>\n\n\n\n\n\n\n\n\n<h3 style=\"color: rgb(255, 255, 255);\">EDZ\u00c9SEINK NYITOTTAK!<\/h3>\n\n\n\n\n\n\n<h3><span style=\"background-color:#3082c2ff;\"><span style=\"background-color: rgb(17, 99, 166);\">Gyere AMERIKAI FOCIz<span style=\"background-color:#1163a6ff;\"><\/span>ni<\/span><\/span><\/h3>\n\n\n\nCsak f\u00e9rfiaknak, akik m\u00e1r bet\u00f6lt\u00f6tt\u00e9k a 16-ot.\n\n\nHa \u00e9rdekel az amerikai foci vil\u00e1ga.\n\n\n<span style=\"font-family: Cabin; font-size: 16px; font-style: normal; font-variant-ligatures: normal; font-variant-caps: normal; font-weight: 400;\">A foci kontakt sport, csak akkor gyere ha ett\u0151l nem f\u00e9lsz.<\/span>\n\n\n<span style=\"font-family: Cabin; font-size: 16px; font-style: normal; font-variant-ligatures: normal; font-variant-caps: normal; font-weight: 400;\">El\u0151fordulnak s\u00e9r\u00fcl\u00e9sek, z\u00faz\u00f3d\u00e1sok. Ezzel sz\u00e1molj.<\/span><br>\n\n\n<span style=\"font-family: Cabin; font-size: 16px; font-style: normal; font-variant-ligatures: normal; font-variant-caps: normal; font-weight: 400;\">Add le a felgy\u00fclemlett fesz\u00fclts\u00e9ged.<\/span><br>\n\n\nTudd meg milyen \u00e9rz\u00e9s a f\u00f6ldbe d\u00f6ng\u00f6lni a m\u00e1sikat!\n\n\n\n\n\n<h3><strong style=\"color: rgb(255, 255, 255);\">Gyere flag focizni<\/strong><\/h3>\n\n\n<span style=\"font-family: Cabin; font-size: 16px; font-style: normal; font-variant-ligatures: normal; font-variant-caps: normal; font-weight: 400;\">9 \u00e9s 15 \u00e9v k\u00f6z\u00f6tti fi\u00fakat \u00e9s l\u00e1nyokat is v\u00e1runk.<\/span>\n\n\n<span style=\"font-family: Cabin; font-size: 16px; font-style: normal; font-variant-ligatures: normal; font-variant-caps: normal; font-weight: 400;\">Ha \u00e9rdekelnek a sport\u00e1g alapjai, mozg\u00e1skult\u00far\u00e1ja.<\/span>\n\n\n<span style=\"font-family: Cabin; font-size: 16px; font-style: normal; font-variant-ligatures: normal; font-variant-caps: normal; font-weight: 400;\">Biztons\u00e1gosabb keretek k\u00f6z\u00f6tt focizhatsz.<\/span>\n\n\n<span style=\"font-family: Cabin; font-size: 16px; font-style: normal; font-variant-ligatures: normal; font-variant-caps: normal; font-weight: 400;\">Egy bar\u00e1ti \u00e9s \u00f6sszetart\u00f3 k\u00f6z\u00f6ss\u00e9gbe tartozhatsz.<\/span><br>\n\n\nAdd le a felgy\u00fclemlett energi\u00e1d!\n\n\nBiztons\u00e1gosabb, kontakt n\u00e9lk\u00fcli sport!\n\n\n\n\n\n\n\n\n\n<h3 style=\"color: rgb(255, 255, 255);\">r\u00e9szletek\u00e9rt kattints a <em>&#8222;csatlakozz&#8221;<\/em>&nbsp;gombra!<\/h3>\n\n\n\n\n\n\n\n\n<h3>Mi\u00e9rt csin\u00e1ljuk?<\/h3>\n\n\n\n<i class=\"fa fa-quote-left\"><\/i>\n\t\t\t\t\tEgym\u00e1s\u00e9rt. Magunk\u00e9rt. Mert neh\u00e9z. K\u00fcl\u00f6nleges. Egyedi. Ki\u00e9lhetj\u00fck a szenved\u00e9ly\u00fcnk. \u00c9s mert szab\u00e1lyos, hogy m\u00e1son adjuk le a felgy\u00fclemlett fesz\u00fclts\u00e9get. <i class=\"fa fa-quote-right\"><\/i>\n\n\n\n<p>Lorem Ipsum has been the industry&#8217;s standard dummy text ever since the 1500s.<\/p>\n\n\n\n<i class=\"fa fa-quote-left\"><\/i>&nbsp;JELENTSD TE A K\u00dcL\u00d6NBS\u00c9GET!&nbsp;<i class=\"fa fa-quote-right\"><\/i>\n\n\n\n\n\n\n\n<h3 [object NamedNodeMap]>Milyen poszt val\u00f3 nekem?<\/h3>\n\n\n\n\n\n\n\n\n\n\n\n\n\n\n\n<h3 style=\"color: rgb(255, 255, 255);\">2024-es Div\u00edzi\u00f3 I. szezonunk<\/h3>\n\n\n\n\n\n\n\n\n<h3>fOLYAMATOS JELENL\u00c9T<\/h3>\n\n\n<p>2006 \u00f3ta a Mustangs folyamatosan jelen van a magyar amerikai foci vil\u00e1g\u00e1ban.<\/p>\n\n\n<p>Legnagyobb sikereink a 2019. \u00e9s 2021. \u00e9vi DIV II ez\u00fcst \u00e9rmek.<\/p>\n\n\n<p>2013-ban \u00e9s 2024-ben DIV I el\u0151d\u00f6nt\u0151t j\u00e1tszottunk, m\u00edg 2023-ban a HFL-ben vit\u00e9zkedt\u00fcnk.<\/p>\n\n\n<h5><span style=\"background-color:#2297ddff;\"><span style=\"\"><\/span><\/span><span style=\"background-color: rgb(255, 255, 255); color: rgb(0, 0, 0);\">A 2019<span style=\"\">-es DIV II D<\/span>\u00f6nt\u0151 eredm\u00e9nye<\/span><\/h5>\n\n\n\n\n<h2>40<\/h2>\n\n\n\n\n<h2>38<\/h2>\n\n\n\n\n\n\n<h3>Az utols\u00f3 pillanatokig k\u00fczd\u00fcnk<\/h3>\n\n\n\n\n<h5>A 2019-es d\u00f6nt\u0151 utols\u00f3 m\u00e1sodpercei<\/h5>\n\n\n\n\n\n\n\n<p>Lorem Ipsum has been the industry&#8217;s standard dummy text ever since the 1500s.<\/p>\n\n\n\n\n\n\n\n<h3>Kedvcsin\u00e1l\u00f3<\/h3>\n\n\n\n\n\n\n\n\n\n\n\n\n\n\n\n\n\n\n\n\n\n\n\n\n<h3 [object NamedNodeMap]>K\u00e9rd\u00e9sem van!<\/h3>\n\n\n\n\n\n\n\n\n<h3>Fel\u00fcleteink<\/h3>\n\n\n\n\n\nFacebook\n\n\n\n\n\n\nInstagram\n\n\n\n\n\n\n\n\nYoutube\n\n\n\n\nMAFSZ &#8211; Magyar Amerikai Football Sz\u00f6vets\u00e9g\n\n\n\n\n\n\nWikip\u00e9dia\n\n\n\n\n\n\n\n\n","protected":false},"excerpt":{"rendered":"","protected":false},"author":2,"featured_media":0,"parent":0,"menu_order":0,"comment_status":"closed","ping_status":"closed","template":"","meta":{"pagelayer_contact_templates":[],"_pagelayer_content":"","footnotes":""},"class_list":["post-40","page","type-page","status-publish","hentry"],"yoast_head":"<!-- This site is optimized with the Yoast SEO plugin v27.5 - https:\/\/yoast.com\/product\/yoast-seo-wordpress\/ -->\n<title>Mustangs &#8211; Tatab\u00e1nya Mustangs<\/title>\n<meta name=\"description\" content=\"Csatlakozz a Tatab\u00e1nya Mustangs amerikai foci \u00e9s flag football csapat\u00e1hoz! Olvass r\u00f3lunk, a j\u00e1t\u00e9kr\u00f3l, a t\u00f6rt\u00e9nelm\u00fcnkr\u0151l. V\u00e1gtass vel\u00fcnk!\" \/>\n<meta name=\"robots\" content=\"index, follow, max-snippet:-1, max-image-preview:large, max-video-preview:-1\" \/>\n<link rel=\"canonical\" href=\"https:\/\/mustangs.hu\/football\/\" \/>\n<meta property=\"og:locale\" content=\"hu_HU\" \/>\n<meta property=\"og:type\" content=\"article\" \/>\n<meta property=\"og:title\" content=\"Mustangs &#8211; Tatab\u00e1nya Mustangs\" \/>\n<meta property=\"og:description\" content=\"Csatlakozz a Tatab\u00e1nya Mustangs amerikai foci \u00e9s flag football csapat\u00e1hoz! Olvass r\u00f3lunk, a j\u00e1t\u00e9kr\u00f3l, a t\u00f6rt\u00e9nelm\u00fcnkr\u0151l. V\u00e1gtass vel\u00fcnk!\" \/>\n<meta property=\"og:url\" content=\"https:\/\/mustangs.hu\/football\/\" \/>\n<meta property=\"og:site_name\" content=\"Tatab\u00e1nya Mustangs\" \/>\n<meta property=\"article:publisher\" content=\"https:\/\/www.facebook.com\/Tatabanya.Mustangs\" \/>\n<meta property=\"article:modified_time\" content=\"2025-02-25T11:32:53+00:00\" \/>\n<meta property=\"og:image\" content=\"https:\/\/mustangs.hu\/football\/wp-content\/uploads\/2024\/10\/318155151_584408397021065_1864859903433470936_n-1.jpg\" \/>\n\t<meta property=\"og:image:width\" content=\"1080\" \/>\n\t<meta property=\"og:image:height\" content=\"1080\" \/>\n\t<meta property=\"og:image:type\" content=\"image\/jpeg\" \/>\n<meta name=\"twitter:card\" content=\"summary_large_image\" \/>\n<meta name=\"twitter:label1\" content=\"Becs\u00fclt olvas\u00e1si id\u0151\" \/>\n\t<meta name=\"twitter:data1\" content=\"3 perc\" \/>\n<script type=\"application\/ld+json\" class=\"yoast-schema-graph\">{\"@context\":\"https:\\\/\\\/schema.org\",\"@graph\":[{\"@type\":\"WebPage\",\"@id\":\"https:\\\/\\\/mustangs.hu\\\/football\\\/\",\"url\":\"https:\\\/\\\/mustangs.hu\\\/football\\\/\",\"name\":\"Mustangs &#8211; Tatab\u00e1nya Mustangs\",\"isPartOf\":{\"@id\":\"https:\\\/\\\/mustangs.hu\\\/football\\\/#website\"},\"datePublished\":\"2024-10-14T06:01:35+00:00\",\"dateModified\":\"2025-02-25T11:32:53+00:00\",\"description\":\"Csatlakozz a Tatab\u00e1nya Mustangs amerikai foci \u00e9s flag football csapat\u00e1hoz! Olvass r\u00f3lunk, a j\u00e1t\u00e9kr\u00f3l, a t\u00f6rt\u00e9nelm\u00fcnkr\u0151l. V\u00e1gtass vel\u00fcnk!\",\"breadcrumb\":{\"@id\":\"https:\\\/\\\/mustangs.hu\\\/football\\\/#breadcrumb\"},\"inLanguage\":\"hu\",\"potentialAction\":[{\"@type\":\"ReadAction\",\"target\":[\"https:\\\/\\\/mustangs.hu\\\/football\\\/\"]}]},{\"@type\":\"BreadcrumbList\",\"@id\":\"https:\\\/\\\/mustangs.hu\\\/football\\\/#breadcrumb\",\"itemListElement\":[{\"@type\":\"ListItem\",\"position\":1,\"name\":\"Kezd\u0151lap\",\"item\":\"https:\\\/\\\/mustangs.hu\\\/football\\\/\"},{\"@type\":\"ListItem\",\"position\":2,\"name\":\"Mustangs\"}]},{\"@type\":\"WebSite\",\"@id\":\"https:\\\/\\\/mustangs.hu\\\/football\\\/#website\",\"url\":\"https:\\\/\\\/mustangs.hu\\\/football\\\/\",\"name\":\"Tatab\u00e1nya Mustangs\",\"description\":\"V\u00e1gtass\",\"publisher\":{\"@id\":\"https:\\\/\\\/mustangs.hu\\\/football\\\/#organization\"},\"alternateName\":\"Mustangs\",\"potentialAction\":[{\"@type\":\"SearchAction\",\"target\":{\"@type\":\"EntryPoint\",\"urlTemplate\":\"https:\\\/\\\/mustangs.hu\\\/football\\\/?s={search_term_string}\"},\"query-input\":{\"@type\":\"PropertyValueSpecification\",\"valueRequired\":true,\"valueName\":\"search_term_string\"}}],\"inLanguage\":\"hu\"},{\"@type\":\"Organization\",\"@id\":\"https:\\\/\\\/mustangs.hu\\\/football\\\/#organization\",\"name\":\"Tatab\u00e1nya Mustangs\",\"alternateName\":\"Mustangs\",\"url\":\"https:\\\/\\\/mustangs.hu\\\/football\\\/\",\"logo\":{\"@type\":\"ImageObject\",\"inLanguage\":\"hu\",\"@id\":\"https:\\\/\\\/mustangs.hu\\\/football\\\/#\\\/schema\\\/logo\\\/image\\\/\",\"url\":\"https:\\\/\\\/mustangs.hu\\\/football\\\/wp-content\\\/uploads\\\/2024\\\/10\\\/318155151_584408397021065_1864859903433470936_n-1.jpg\",\"contentUrl\":\"https:\\\/\\\/mustangs.hu\\\/football\\\/wp-content\\\/uploads\\\/2024\\\/10\\\/318155151_584408397021065_1864859903433470936_n-1.jpg\",\"width\":1080,\"height\":1080,\"caption\":\"Tatab\u00e1nya Mustangs\"},\"image\":{\"@id\":\"https:\\\/\\\/mustangs.hu\\\/football\\\/#\\\/schema\\\/logo\\\/image\\\/\"},\"sameAs\":[\"https:\\\/\\\/www.facebook.com\\\/Tatabanya.Mustangs\",\"https:\\\/\\\/www.youtube.com\\\/@Mustangs-oj1wi\",\"https:\\\/\\\/www.instagram.com\\\/tatabanyamustangs\\\/\"]}]}<\/script>\n<!-- \/ Yoast SEO plugin. -->","yoast_head_json":{"title":"Mustangs &#8211; Tatab\u00e1nya Mustangs","description":"Csatlakozz a Tatab\u00e1nya Mustangs amerikai foci \u00e9s flag football csapat\u00e1hoz! Olvass r\u00f3lunk, a j\u00e1t\u00e9kr\u00f3l, a t\u00f6rt\u00e9nelm\u00fcnkr\u0151l. V\u00e1gtass vel\u00fcnk!","robots":{"index":"index","follow":"follow","max-snippet":"max-snippet:-1","max-image-preview":"max-image-preview:large","max-video-preview":"max-video-preview:-1"},"canonical":"https:\/\/mustangs.hu\/football\/","og_locale":"hu_HU","og_type":"article","og_title":"Mustangs &#8211; Tatab\u00e1nya Mustangs","og_description":"Csatlakozz a Tatab\u00e1nya Mustangs amerikai foci \u00e9s flag football csapat\u00e1hoz! Olvass r\u00f3lunk, a j\u00e1t\u00e9kr\u00f3l, a t\u00f6rt\u00e9nelm\u00fcnkr\u0151l. V\u00e1gtass vel\u00fcnk!","og_url":"https:\/\/mustangs.hu\/football\/","og_site_name":"Tatab\u00e1nya Mustangs","article_publisher":"https:\/\/www.facebook.com\/Tatabanya.Mustangs","article_modified_time":"2025-02-25T11:32:53+00:00","og_image":[{"width":1080,"height":1080,"url":"https:\/\/mustangs.hu\/football\/wp-content\/uploads\/2024\/10\/318155151_584408397021065_1864859903433470936_n-1.jpg","type":"image\/jpeg"}],"twitter_card":"summary_large_image","twitter_misc":{"Becs\u00fclt olvas\u00e1si id\u0151":"3 perc"},"schema":{"@context":"https:\/\/schema.org","@graph":[{"@type":"WebPage","@id":"https:\/\/mustangs.hu\/football\/","url":"https:\/\/mustangs.hu\/football\/","name":"Mustangs &#8211; Tatab\u00e1nya Mustangs","isPartOf":{"@id":"https:\/\/mustangs.hu\/football\/#website"},"datePublished":"2024-10-14T06:01:35+00:00","dateModified":"2025-02-25T11:32:53+00:00","description":"Csatlakozz a Tatab\u00e1nya Mustangs amerikai foci \u00e9s flag football csapat\u00e1hoz! Olvass r\u00f3lunk, a j\u00e1t\u00e9kr\u00f3l, a t\u00f6rt\u00e9nelm\u00fcnkr\u0151l. V\u00e1gtass vel\u00fcnk!","breadcrumb":{"@id":"https:\/\/mustangs.hu\/football\/#breadcrumb"},"inLanguage":"hu","potentialAction":[{"@type":"ReadAction","target":["https:\/\/mustangs.hu\/football\/"]}]},{"@type":"BreadcrumbList","@id":"https:\/\/mustangs.hu\/football\/#breadcrumb","itemListElement":[{"@type":"ListItem","position":1,"name":"Kezd\u0151lap","item":"https:\/\/mustangs.hu\/football\/"},{"@type":"ListItem","position":2,"name":"Mustangs"}]},{"@type":"WebSite","@id":"https:\/\/mustangs.hu\/football\/#website","url":"https:\/\/mustangs.hu\/football\/","name":"Tatab\u00e1nya Mustangs","description":"V\u00e1gtass","publisher":{"@id":"https:\/\/mustangs.hu\/football\/#organization"},"alternateName":"Mustangs","potentialAction":[{"@type":"SearchAction","target":{"@type":"EntryPoint","urlTemplate":"https:\/\/mustangs.hu\/football\/?s={search_term_string}"},"query-input":{"@type":"PropertyValueSpecification","valueRequired":true,"valueName":"search_term_string"}}],"inLanguage":"hu"},{"@type":"Organization","@id":"https:\/\/mustangs.hu\/football\/#organization","name":"Tatab\u00e1nya Mustangs","alternateName":"Mustangs","url":"https:\/\/mustangs.hu\/football\/","logo":{"@type":"ImageObject","inLanguage":"hu","@id":"https:\/\/mustangs.hu\/football\/#\/schema\/logo\/image\/","url":"https:\/\/mustangs.hu\/football\/wp-content\/uploads\/2024\/10\/318155151_584408397021065_1864859903433470936_n-1.jpg","contentUrl":"https:\/\/mustangs.hu\/football\/wp-content\/uploads\/2024\/10\/318155151_584408397021065_1864859903433470936_n-1.jpg","width":1080,"height":1080,"caption":"Tatab\u00e1nya Mustangs"},"image":{"@id":"https:\/\/mustangs.hu\/football\/#\/schema\/logo\/image\/"},"sameAs":["https:\/\/www.facebook.com\/Tatabanya.Mustangs","https:\/\/www.youtube.com\/@Mustangs-oj1wi","https:\/\/www.instagram.com\/tatabanyamustangs\/"]}]}},"_links":{"self":[{"href":"https:\/\/mustangs.hu\/football\/wp-json\/wp\/v2\/pages\/40","targetHints":{"allow":["GET"]}}],"collection":[{"href":"https:\/\/mustangs.hu\/football\/wp-json\/wp\/v2\/pages"}],"about":[{"href":"https:\/\/mustangs.hu\/football\/wp-json\/wp\/v2\/types\/page"}],"author":[{"embeddable":true,"href":"https:\/\/mustangs.hu\/football\/wp-json\/wp\/v2\/users\/2"}],"replies":[{"embeddable":true,"href":"https:\/\/mustangs.hu\/football\/wp-json\/wp\/v2\/comments?post=40"}],"version-history":[{"count":198,"href":"https:\/\/mustangs.hu\/football\/wp-json\/wp\/v2\/pages\/40\/revisions"}],"predecessor-version":[{"id":909,"href":"https:\/\/mustangs.hu\/football\/wp-json\/wp\/v2\/pages\/40\/revisions\/909"}],"wp:attachment":[{"href":"https:\/\/mustangs.hu\/football\/wp-json\/wp\/v2\/media?parent=40"}],"curies":[{"name":"wp","href":"https:\/\/api.w.org\/{rel}","templated":true}]}}